{"id":2144,"date":"2018-01-31T10:06:10","date_gmt":"2018-01-31T10:06:10","guid":{"rendered":"http:\/\/www.autocaresgarcia.com\/PRUEBAS\/?page_id=2144"},"modified":"2018-02-05T18:19:35","modified_gmt":"2018-02-05T17:19:35","slug":"flotte","status":"publish","type":"page","link":"https:\/\/www.autocaresgarcia.com\/fr\/flotte\/","title":{"rendered":"Flotte"},"content":{"rendered":"<div id=\"pl-2144\"  class=\"panel-layout\" ><div id=\"pg-2144-0\"  class=\"panel-grid panel-has-style\" ><div class=\"siteorigin-panels-stretch panel-row-style panel-row-style-for-2144-0\" data-stretch-type=\"full\" ><div id=\"pgc-2144-0-0\"  class=\"panel-grid-cell\" ><div id=\"panel-2144-0-0-0\" class=\"so-panel widget widget_media_gallery panel-first-child\" data-index=\"0\" ><h3 class=\"widget-title\"><span class=\"widget-title__inline\">BUS STANDARD (jusqu&#8217;\u00e0 56\/58 si\u00e8ges) et EXTRA GRAND (jusqu&#8217;\u00e0 70 si\u00e8ges)<\/span><\/h3><div id='gallery-1' class='gallery galleryid-2144 gallery-columns-5 gallery-size-thumbnail'><figure class='gallery-item'>\n\t\t\t<div class='gallery-icon landscape'>\n\t\t\t\t<a href='https:\/\/www.autocaresgarcia.com\/wp-content\/uploads\/2018\/01\/autobuses-alquiler-bilbao-7.jpg'><img loading=\"lazy\" decoding=\"async\" width=\"220\" height=\"220\" src=\"https:\/\/www.autocaresgarcia.com\/wp-content\/uploads\/2018\/01\/autobuses-alquiler-bilbao-7-220x220.jpg\" class=\"attachment-thumbnail size-thumbnail\" alt=\"Alquiler de autobuses para excursiones\" \/><\/a>\n\t\t\t<\/div><\/figure><figure class='gallery-item'>\n\t\t\t<div class='gallery-icon landscape'>\n\t\t\t\t<a href='https:\/\/www.autocaresgarcia.com\/wp-content\/uploads\/2018\/01\/autobuses-alquiler-bilbao-5-8.jpg'><img loading=\"lazy\" decoding=\"async\" width=\"220\" height=\"220\" src=\"https:\/\/www.autocaresgarcia.com\/wp-content\/uploads\/2018\/01\/autobuses-alquiler-bilbao-5-8-220x220.jpg\" class=\"attachment-thumbnail size-thumbnail\" alt=\"Autobuses para bodas y eventos en Bilbao\" \/><\/a>\n\t\t\t<\/div><\/figure><figure class='gallery-item'>\n\t\t\t<div class='gallery-icon landscape'>\n\t\t\t\t<a href='https:\/\/www.autocaresgarcia.com\/wp-content\/uploads\/2018\/01\/autobuses-alquiler-bilbao.jpg'><img loading=\"lazy\" decoding=\"async\" width=\"220\" height=\"220\" src=\"https:\/\/www.autocaresgarcia.com\/wp-content\/uploads\/2018\/01\/autobuses-alquiler-bilbao-220x220.jpg\" class=\"attachment-thumbnail size-thumbnail\" alt=\"Autobuses en Bilbao, salidas en Termibus\" \/><\/a>\n\t\t\t<\/div><\/figure><figure class='gallery-item'>\n\t\t\t<div class='gallery-icon landscape'>\n\t\t\t\t<a href='https:\/\/www.autocaresgarcia.com\/wp-content\/uploads\/2018\/01\/autobuses-alquiler-bilbao-4.jpg'><img loading=\"lazy\" decoding=\"async\" width=\"220\" height=\"220\" src=\"https:\/\/www.autocaresgarcia.com\/wp-content\/uploads\/2018\/01\/autobuses-alquiler-bilbao-4-220x220.jpg\" class=\"attachment-thumbnail size-thumbnail\" alt=\"Alquiler de autobuses en Bilbao\" \/><\/a>\n\t\t\t<\/div><\/figure><figure class='gallery-item'>\n\t\t\t<div class='gallery-icon landscape'>\n\t\t\t\t<a href='https:\/\/www.autocaresgarcia.com\/wp-content\/uploads\/2018\/01\/autobuses-alquiler-bilbao-2.jpg'><img loading=\"lazy\" decoding=\"async\" width=\"220\" height=\"220\" src=\"https:\/\/www.autocaresgarcia.com\/wp-content\/uploads\/2018\/01\/autobuses-alquiler-bilbao-2-220x220.jpg\" class=\"attachment-thumbnail size-thumbnail\" alt=\"Autobuses en Bilbao, salidas en Termibus\" \/><\/a>\n\t\t\t<\/div><\/figure><figure class='gallery-item'>\n\t\t\t<div class='gallery-icon landscape'>\n\t\t\t\t<a href='https:\/\/www.autocaresgarcia.com\/wp-content\/uploads\/2018\/01\/autobuses-alquiler-bilbao-5.jpg'><img loading=\"lazy\" decoding=\"async\" width=\"220\" height=\"220\" src=\"https:\/\/www.autocaresgarcia.com\/wp-content\/uploads\/2018\/01\/autobuses-alquiler-bilbao-5-220x220.jpg\" class=\"attachment-thumbnail size-thumbnail\" alt=\"Transporte escolar en Bilbao\" \/><\/a>\n\t\t\t<\/div><\/figure><figure class='gallery-item'>\n\t\t\t<div class='gallery-icon portrait'>\n\t\t\t\t<a href='https:\/\/www.autocaresgarcia.com\/wp-content\/uploads\/2018\/01\/autobuses-alquiler-bilbao-5-9.jpg'><img loading=\"lazy\" decoding=\"async\" width=\"220\" height=\"220\" src=\"https:\/\/www.autocaresgarcia.com\/wp-content\/uploads\/2018\/01\/autobuses-alquiler-bilbao-5-9-220x220.jpg\" class=\"attachment-thumbnail size-thumbnail\" alt=\"Autobuses para bodas y eventos en Bilbao\" \/><\/a>\n\t\t\t<\/div><\/figure><figure class='gallery-item'>\n\t\t\t<div class='gallery-icon portrait'>\n\t\t\t\t<a href='https:\/\/www.autocaresgarcia.com\/wp-content\/uploads\/2018\/01\/autobuses-alquiler-bilbao-5-12.jpg'><img loading=\"lazy\" decoding=\"async\" width=\"220\" height=\"220\" src=\"https:\/\/www.autocaresgarcia.com\/wp-content\/uploads\/2018\/01\/autobuses-alquiler-bilbao-5-12-220x220.jpg\" class=\"attachment-thumbnail size-thumbnail\" alt=\"Autobuses con confort y comodidad\" \/><\/a>\n\t\t\t<\/div><\/figure><figure class='gallery-item'>\n\t\t\t<div class='gallery-icon portrait'>\n\t\t\t\t<a href='https:\/\/www.autocaresgarcia.com\/wp-content\/uploads\/2018\/01\/autobuses-alquiler-bilbao-11.jpg'><img loading=\"lazy\" decoding=\"async\" width=\"220\" height=\"220\" src=\"https:\/\/www.autocaresgarcia.com\/wp-content\/uploads\/2018\/01\/autobuses-alquiler-bilbao-11-220x220.jpg\" class=\"attachment-thumbnail size-thumbnail\" alt=\"Autobuses con confort y comodidad\" \/><\/a>\n\t\t\t<\/div><\/figure><figure class='gallery-item'>\n\t\t\t<div class='gallery-icon portrait'>\n\t\t\t\t<a href='https:\/\/www.autocaresgarcia.com\/wp-content\/uploads\/2018\/01\/autobuses-alquiler-bilbao-5-13.jpg'><img loading=\"lazy\" decoding=\"async\" width=\"220\" height=\"220\" src=\"https:\/\/www.autocaresgarcia.com\/wp-content\/uploads\/2018\/01\/autobuses-alquiler-bilbao-5-13-220x220.jpg\" class=\"attachment-thumbnail size-thumbnail\" alt=\"Autobuses con confort y comodidad\" \/><\/a>\n\t\t\t<\/div><\/figure><figure class='gallery-item'>\n\t\t\t<div class='gallery-icon portrait'>\n\t\t\t\t<a href='https:\/\/www.autocaresgarcia.com\/wp-content\/uploads\/2018\/01\/autobuses-alquiler-bilbao-5-14.jpg'><img loading=\"lazy\" decoding=\"async\" width=\"220\" height=\"220\" src=\"https:\/\/www.autocaresgarcia.com\/wp-content\/uploads\/2018\/01\/autobuses-alquiler-bilbao-5-14-220x220.jpg\" class=\"attachment-thumbnail size-thumbnail\" alt=\"Autobuses con confort y comodidad\" \/><\/a>\n\t\t\t<\/div><\/figure><figure class='gallery-item'>\n\t\t\t<div class='gallery-icon portrait'>\n\t\t\t\t<a href='https:\/\/www.autocaresgarcia.com\/wp-content\/uploads\/2018\/01\/autobuses-alquiler-bilbao-15.jpg'><img loading=\"lazy\" decoding=\"async\" width=\"220\" height=\"220\" src=\"https:\/\/www.autocaresgarcia.com\/wp-content\/uploads\/2018\/01\/autobuses-alquiler-bilbao-15-220x220.jpg\" class=\"attachment-thumbnail size-thumbnail\" alt=\"Autobuses con confort y comodidad\" \/><\/a>\n\t\t\t<\/div><\/figure><figure class='gallery-item'>\n\t\t\t<div class='gallery-icon landscape'>\n\t\t\t\t<a href='https:\/\/www.autocaresgarcia.com\/wp-content\/uploads\/2018\/01\/autobuses-eventos-viajes-excursiones.jpg'><img loading=\"lazy\" decoding=\"async\" width=\"220\" height=\"220\" src=\"https:\/\/www.autocaresgarcia.com\/wp-content\/uploads\/2018\/01\/autobuses-eventos-viajes-excursiones-220x220.jpg\" class=\"attachment-thumbnail size-thumbnail\" alt=\"Autobuses para eventos y excursiones, Bilbao\" \/><\/a>\n\t\t\t<\/div><\/figure><figure class='gallery-item'>\n\t\t\t<div class='gallery-icon landscape'>\n\t\t\t\t<a href='https:\/\/www.autocaresgarcia.com\/wp-content\/uploads\/2018\/01\/autobuses-eventos-viajes-excursiones-3.jpg'><img loading=\"lazy\" decoding=\"async\" width=\"220\" height=\"220\" src=\"https:\/\/www.autocaresgarcia.com\/wp-content\/uploads\/2018\/01\/autobuses-eventos-viajes-excursiones-3-220x220.jpg\" class=\"attachment-thumbnail size-thumbnail\" alt=\"Autobuses para eventos y excursiones, Bilbao\" \/><\/a>\n\t\t\t<\/div><\/figure><figure class='gallery-item'>\n\t\t\t<div class='gallery-icon landscape'>\n\t\t\t\t<a href='https:\/\/www.autocaresgarcia.com\/wp-content\/uploads\/2018\/01\/autobuses-eventos-viajes-excursiones-18.jpg'><img loading=\"lazy\" decoding=\"async\" width=\"220\" height=\"220\" src=\"https:\/\/www.autocaresgarcia.com\/wp-content\/uploads\/2018\/01\/autobuses-eventos-viajes-excursiones-18-220x220.jpg\" class=\"attachment-thumbnail size-thumbnail\" alt=\"Autobuses para eventos y excursiones, Bilbao\" \/><\/a>\n\t\t\t<\/div><\/figure><figure class='gallery-item'>\n\t\t\t<div class='gallery-icon landscape'>\n\t\t\t\t<a href='https:\/\/www.autocaresgarcia.com\/wp-content\/uploads\/2018\/01\/autobuses-eventos-viajes-excursiones-17.jpg'><img loading=\"lazy\" decoding=\"async\" width=\"220\" height=\"220\" src=\"https:\/\/www.autocaresgarcia.com\/wp-content\/uploads\/2018\/01\/autobuses-eventos-viajes-excursiones-17-220x220.jpg\" class=\"attachment-thumbnail size-thumbnail\" alt=\"Autobuses para eventos y excursiones, Bilbao\" \/><\/a>\n\t\t\t<\/div><\/figure><figure class='gallery-item'>\n\t\t\t<div class='gallery-icon landscape'>\n\t\t\t\t<a href='https:\/\/www.autocaresgarcia.com\/wp-content\/uploads\/2018\/01\/autobuses-eventos-viajes-excursiones-4.jpg'><img loading=\"lazy\" decoding=\"async\" width=\"220\" height=\"220\" src=\"https:\/\/www.autocaresgarcia.com\/wp-content\/uploads\/2018\/01\/autobuses-eventos-viajes-excursiones-4-220x220.jpg\" class=\"attachment-thumbnail size-thumbnail\" alt=\"Autobuses para eventos y excursiones, Bilbao\" \/><\/a>\n\t\t\t<\/div><\/figure><figure class='gallery-item'>\n\t\t\t<div class='gallery-icon landscape'>\n\t\t\t\t<a href='https:\/\/www.autocaresgarcia.com\/wp-content\/uploads\/2018\/01\/autobuses-eventos-viajes-excursiones-6.jpg'><img loading=\"lazy\" decoding=\"async\" width=\"220\" height=\"220\" src=\"https:\/\/www.autocaresgarcia.com\/wp-content\/uploads\/2018\/01\/autobuses-eventos-viajes-excursiones-6-220x220.jpg\" class=\"attachment-thumbnail size-thumbnail\" alt=\"Autobuses para eventos y excursiones, Bilbao\" \/><\/a>\n\t\t\t<\/div><\/figure><figure class='gallery-item'>\n\t\t\t<div class='gallery-icon landscape'>\n\t\t\t\t<a href='https:\/\/www.autocaresgarcia.com\/wp-content\/uploads\/2018\/01\/autobuses-eventos-viajes-excursiones-8.jpg'><img loading=\"lazy\" decoding=\"async\" width=\"220\" height=\"220\" src=\"https:\/\/www.autocaresgarcia.com\/wp-content\/uploads\/2018\/01\/autobuses-eventos-viajes-excursiones-8-220x220.jpg\" class=\"attachment-thumbnail size-thumbnail\" alt=\"Autobuses para eventos y excursiones, Bilbao\" \/><\/a>\n\t\t\t<\/div><\/figure><figure class='gallery-item'>\n\t\t\t<div class='gallery-icon landscape'>\n\t\t\t\t<a href='https:\/\/www.autocaresgarcia.com\/wp-content\/uploads\/2018\/01\/autobuses-eventos-viajes-excursiones-16.jpg'><img loading=\"lazy\" decoding=\"async\" width=\"220\" height=\"220\" src=\"https:\/\/www.autocaresgarcia.com\/wp-content\/uploads\/2018\/01\/autobuses-eventos-viajes-excursiones-16-220x220.jpg\" class=\"attachment-thumbnail size-thumbnail\" alt=\"Autobuses para eventos y excursiones, Bilbao\" \/><\/a>\n\t\t\t<\/div><\/figure>\n\t\t<\/div>\n<\/div><div id=\"panel-2144-0-0-1\" class=\"so-panel widget widget_media_gallery\" data-index=\"1\" ><div class=\"panel-widget-style panel-widget-style-for-2144-0-0-1\" ><h3 class=\"widget-title\"><span class=\"widget-title__inline\">MINIBUS (jusqu&#8217;\u00e0 27 si\u00e8ges)<\/span><\/h3><div id='gallery-2' class='gallery galleryid-2144 gallery-columns-5 gallery-size-thumbnail'><figure class='gallery-item'>\n\t\t\t<div class='gallery-icon landscape'>\n\t\t\t\t<a href='https:\/\/www.autocaresgarcia.com\/wp-content\/uploads\/2018\/01\/minibuses-alquiler-bilbao.jpg'><img loading=\"lazy\" decoding=\"async\" width=\"220\" height=\"220\" src=\"https:\/\/www.autocaresgarcia.com\/wp-content\/uploads\/2018\/01\/minibuses-alquiler-bilbao-220x220.jpg\" class=\"attachment-thumbnail size-thumbnail\" alt=\"Alquiler de minibuses en Bilbao\" \/><\/a>\n\t\t\t<\/div><\/figure><figure class='gallery-item'>\n\t\t\t<div class='gallery-icon portrait'>\n\t\t\t\t<a href='https:\/\/www.autocaresgarcia.com\/wp-content\/uploads\/2018\/01\/minibuses-alquiler-bilbao-2.jpg'><img loading=\"lazy\" decoding=\"async\" width=\"220\" height=\"220\" src=\"https:\/\/www.autocaresgarcia.com\/wp-content\/uploads\/2018\/01\/minibuses-alquiler-bilbao-2-220x220.jpg\" class=\"attachment-thumbnail size-thumbnail\" alt=\"Alquiler de minibuses en Bilbao\" \/><\/a>\n\t\t\t<\/div><\/figure><figure class='gallery-item'>\n\t\t\t<div class='gallery-icon landscape'>\n\t\t\t\t<a href='https:\/\/www.autocaresgarcia.com\/wp-content\/uploads\/2018\/01\/microbuses-alquiler-bilbao-9.jpg'><img loading=\"lazy\" decoding=\"async\" width=\"220\" height=\"220\" src=\"https:\/\/www.autocaresgarcia.com\/wp-content\/uploads\/2018\/01\/microbuses-alquiler-bilbao-9-220x220.jpg\" class=\"attachment-thumbnail size-thumbnail\" alt=\"Alquiler de microbuses en Bilbao\" \/><\/a>\n\t\t\t<\/div><\/figure><figure class='gallery-item'>\n\t\t\t<div class='gallery-icon landscape'>\n\t\t\t\t<a href='https:\/\/www.autocaresgarcia.com\/wp-content\/uploads\/2018\/01\/microbuses-alquiler-bilbao-2.jpg'><img loading=\"lazy\" decoding=\"async\" width=\"220\" height=\"220\" src=\"https:\/\/www.autocaresgarcia.com\/wp-content\/uploads\/2018\/01\/microbuses-alquiler-bilbao-2-220x220.jpg\" class=\"attachment-thumbnail size-thumbnail\" alt=\"Minibuses y microbuses de alquiler en Bilbao\" \/><\/a>\n\t\t\t<\/div><\/figure><figure class='gallery-item'>\n\t\t\t<div class='gallery-icon landscape'>\n\t\t\t\t<a href='https:\/\/www.autocaresgarcia.com\/wp-content\/uploads\/2018\/01\/microbuses-alquiler-bilbao-5.jpg'><img loading=\"lazy\" decoding=\"async\" width=\"220\" height=\"220\" src=\"https:\/\/www.autocaresgarcia.com\/wp-content\/uploads\/2018\/01\/microbuses-alquiler-bilbao-5-220x220.jpg\" class=\"attachment-thumbnail size-thumbnail\" alt=\"Minibuses y microbuses de alquiler en Bilbao\" \/><\/a>\n\t\t\t<\/div><\/figure><figure class='gallery-item'>\n\t\t\t<div class='gallery-icon landscape'>\n\t\t\t\t<a href='https:\/\/www.autocaresgarcia.com\/wp-content\/uploads\/2018\/01\/microbuses-alquiler-bilbao-3.jpg'><img loading=\"lazy\" decoding=\"async\" width=\"220\" height=\"220\" src=\"https:\/\/www.autocaresgarcia.com\/wp-content\/uploads\/2018\/01\/microbuses-alquiler-bilbao-3-220x220.jpg\" class=\"attachment-thumbnail size-thumbnail\" alt=\"Minibuses y microbuses de alquiler en Bilbao\" \/><\/a>\n\t\t\t<\/div><\/figure><figure class='gallery-item'>\n\t\t\t<div class='gallery-icon landscape'>\n\t\t\t\t<a href='https:\/\/www.autocaresgarcia.com\/wp-content\/uploads\/2018\/01\/microbuses-alquiler-bilbao.jpg'><img loading=\"lazy\" decoding=\"async\" width=\"220\" height=\"220\" src=\"https:\/\/www.autocaresgarcia.com\/wp-content\/uploads\/2018\/01\/microbuses-alquiler-bilbao-220x220.jpg\" class=\"attachment-thumbnail size-thumbnail\" alt=\"Minibuses y microbuses de alquiler en Bilbao\" \/><\/a>\n\t\t\t<\/div><\/figure><figure class='gallery-item'>\n\t\t\t<div class='gallery-icon landscape'>\n\t\t\t\t<a href='https:\/\/www.autocaresgarcia.com\/wp-content\/uploads\/2018\/01\/microbuses-alquiler-bilbao-6.jpg'><img loading=\"lazy\" decoding=\"async\" width=\"220\" height=\"220\" src=\"https:\/\/www.autocaresgarcia.com\/wp-content\/uploads\/2018\/01\/microbuses-alquiler-bilbao-6-220x220.jpg\" class=\"attachment-thumbnail size-thumbnail\" alt=\"Alquiler de microbuses en Bilbao\" \/><\/a>\n\t\t\t<\/div><\/figure><figure class='gallery-item'>\n\t\t\t<div class='gallery-icon landscape'>\n\t\t\t\t<a href='https:\/\/www.autocaresgarcia.com\/wp-content\/uploads\/2018\/01\/microbuses-alquiler-bilbao-11.jpg'><img loading=\"lazy\" decoding=\"async\" width=\"220\" height=\"220\" src=\"https:\/\/www.autocaresgarcia.com\/wp-content\/uploads\/2018\/01\/microbuses-alquiler-bilbao-11-220x220.jpg\" class=\"attachment-thumbnail size-thumbnail\" alt=\"Alquiler de microbuses en Bilbao\" \/><\/a>\n\t\t\t<\/div><\/figure><figure class='gallery-item'>\n\t\t\t<div class='gallery-icon landscape'>\n\t\t\t\t<a href='https:\/\/www.autocaresgarcia.com\/wp-content\/uploads\/2018\/01\/microbuses-alquiler-bilbao-8.jpg'><img loading=\"lazy\" decoding=\"async\" width=\"220\" height=\"220\" src=\"https:\/\/www.autocaresgarcia.com\/wp-content\/uploads\/2018\/01\/microbuses-alquiler-bilbao-8-220x220.jpg\" class=\"attachment-thumbnail size-thumbnail\" alt=\"Alquiler de microbuses en Bilbao\" \/><\/a>\n\t\t\t<\/div><\/figure><figure class='gallery-item'>\n\t\t\t<div class='gallery-icon portrait'>\n\t\t\t\t<a href='https:\/\/www.autocaresgarcia.com\/wp-content\/uploads\/2018\/01\/microbuses-alquiler-bilbao-10.jpg'><img loading=\"lazy\" decoding=\"async\" width=\"220\" height=\"220\" src=\"https:\/\/www.autocaresgarcia.com\/wp-content\/uploads\/2018\/01\/microbuses-alquiler-bilbao-10-220x220.jpg\" class=\"attachment-thumbnail size-thumbnail\" alt=\"Alquiler de microbuses en Bilbao\" \/><\/a>\n\t\t\t<\/div><\/figure><figure class='gallery-item'>\n\t\t\t<div class='gallery-icon landscape'>\n\t\t\t\t<a href='https:\/\/www.autocaresgarcia.com\/wp-content\/uploads\/2018\/01\/microbuses-alquiler-bilbao-7.jpg'><img loading=\"lazy\" decoding=\"async\" width=\"220\" height=\"220\" src=\"https:\/\/www.autocaresgarcia.com\/wp-content\/uploads\/2018\/01\/microbuses-alquiler-bilbao-7-220x220.jpg\" class=\"attachment-thumbnail size-thumbnail\" alt=\"Alquiler de microbuses en Bilbao\" \/><\/a>\n\t\t\t<\/div><\/figure>\n\t\t<\/div>\n<\/div><\/div><div id=\"panel-2144-0-0-2\" class=\"so-panel widget widget_sow-editor panel-last-child\" data-index=\"2\" ><div id=\"texto-aviso\" class=\"panel-widget-style panel-widget-style-for-2144-0-0-2\" ><div\n\t\t\t\n\t\t\tclass=\"so-widget-sow-editor so-widget-sow-editor-base\"\n\t\t\t\n\t\t>\n<div class=\"siteorigin-widget-tinymce textwidget\">\n\t<p><img loading=\"lazy\" decoding=\"async\" class=\"aligncenter wp-image-1700 size-full\" src=\"http:\/\/www.autocaresgarcia.com\/wp-content\/uploads\/2018\/01\/autobuses-clasicos-bilbao-bizkaia-1.jpg\" alt=\"Autobuses cl\u00e1sicos para turismo y eventos especiales\" width=\"840\" height=\"480\" srcset=\"https:\/\/www.autocaresgarcia.com\/wp-content\/uploads\/2018\/01\/autobuses-clasicos-bilbao-bizkaia-1.jpg 840w, https:\/\/www.autocaresgarcia.com\/wp-content\/uploads\/2018\/01\/autobuses-clasicos-bilbao-bizkaia-1-400x229.jpg 400w, https:\/\/www.autocaresgarcia.com\/wp-content\/uploads\/2018\/01\/autobuses-clasicos-bilbao-bizkaia-1-768x439.jpg 768w, https:\/\/www.autocaresgarcia.com\/wp-content\/uploads\/2018\/01\/autobuses-clasicos-bilbao-bizkaia-1-540x309.jpg 540w\" sizes=\"(max-width: 840px) 100vw, 840px\" \/><\/p>\n<p>Les images utilis\u00e9es dans la bande de Autocares Garc\u00eda sont \u00e0 titre purement informatif et ne correspondent pas n\u00e9cessairement avec le v\u00e9hicule qui fournit le service.<\/p>\n<\/div>\n<\/div><\/div><\/div><\/div><\/div><\/div><\/div>","protected":false},"excerpt":{"rendered":"<p>Les images utilis\u00e9es dans la bande de Autocares Garc\u00eda sont \u00e0 titre purement informatif et ne correspondent pas n\u00e9cessairement avec le v\u00e9hicule qui fournit le service.<\/p>\n","protected":false},"author":1,"featured_media":0,"parent":0,"menu_order":3,"comment_status":"closed","ping_status":"closed","template":"","meta":{"footnotes":""},"acf":[],"aioseo_notices":[],"_links":{"self":[{"href":"https:\/\/www.autocaresgarcia.com\/fr\/wp-json\/wp\/v2\/pages\/2144\/"}],"collection":[{"href":"https:\/\/www.autocaresgarcia.com\/fr\/wp-json\/wp\/v2\/pages\/"}],"about":[{"href":"https:\/\/www.autocaresgarcia.com\/fr\/wp-json\/wp\/v2\/types\/page\/"}],"author":[{"embeddable":true,"href":"https:\/\/www.autocaresgarcia.com\/fr\/wp-json\/wp\/v2\/users\/1\/"}],"replies":[{"embeddable":true,"href":"https:\/\/www.autocaresgarcia.com\/fr\/wp-json\/wp\/v2\/comments\/?post=2144"}],"version-history":[{"count":0,"href":"https:\/\/www.autocaresgarcia.com\/fr\/wp-json\/wp\/v2\/pages\/2144\/revisions\/"}],"wp:attachment":[{"href":"https:\/\/www.autocaresgarcia.com\/fr\/wp-json\/wp\/v2\/media\/?parent=2144"}],"curies":[{"name":"wp","href":"https:\/\/api.w.org\/{rel}","templated":true}]}}