{"id":2037,"date":"2018-01-29T11:47:06","date_gmt":"2018-01-29T11:47:06","guid":{"rendered":"http:\/\/www.autocaresgarcia.com\/PRUEBAS\/?page_id=2037"},"modified":"2018-02-05T18:18:17","modified_gmt":"2018-02-05T17:18:17","slug":"groupes-particuliers-voyage-excursions","status":"publish","type":"page","link":"https:\/\/www.autocaresgarcia.com\/fr\/groupes-particuliers-voyage-excursions\/","title":{"rendered":"Groupes de particuliers &#8211; Voyage et excursions"},"content":{"rendered":"<div id=\"pl-2037\"  class=\"panel-layout\" ><div id=\"pg-2037-0\"  class=\"panel-grid panel-no-style\" ><div id=\"pgc-2037-0-0\"  class=\"panel-grid-cell\" ><div id=\"panel-2037-0-0-0\" class=\"so-panel widget widget_sow-editor panel-first-child\" data-index=\"0\" ><div\n\t\t\t\n\t\t\tclass=\"so-widget-sow-editor so-widget-sow-editor-base\"\n\t\t\t\n\t\t>\n<div class=\"siteorigin-widget-tinymce textwidget\">\n\t<ul>\n<li>Excursions d'un ou plusieurs jours.<\/li>\n<li>Services aux associations et groupes : retrait\u00e9s, montagne, les danses, les coraux, etc.<\/li>\n<li>Services de location pour des mariages licenci\u00e9es de c\u00e9libataire, c\u00e9l\u00e9brations ou tout type d'\u00e9v\u00e9nements. Fais que vos invit\u00e9s b\u00e9n\u00e9ficient d'un jour tr\u00e8s sp\u00e9cial en facilitant leur transfert, depuis le lieu de conclusion, jusqu'au restaurant ou l'h\u00f4tel.<\/li>\n<li>Transfer et transport touristique (A\u00e9roports et h\u00f4tels). Tant pour les grands groupes (autobus), comme pour les petits (minibus ou minibus).<\/li>\n<li>Tour op\u00e9rateurs, circuits internationaux de plusieurs jours et long parcours.<\/li>\n<li>Tables facultatifs.<\/li>\n<\/ul>\n<p style=\"text-align: center;\"><img loading=\"lazy\" decoding=\"async\" class=\"alignnone size-full wp-image-1570\" src=\"http:\/\/www.autocaresgarcia.com\/wp-content\/uploads\/2018\/01\/autobuses-alquiler-bilbao-5-8.jpg\" alt=\"Autobuses para bodas y eventos en Bilbao\" width=\"2500\" height=\"1273\" srcset=\"https:\/\/www.autocaresgarcia.com\/wp-content\/uploads\/2018\/01\/autobuses-alquiler-bilbao-5-8.jpg 2500w, https:\/\/www.autocaresgarcia.com\/wp-content\/uploads\/2018\/01\/autobuses-alquiler-bilbao-5-8-400x204.jpg 400w, https:\/\/www.autocaresgarcia.com\/wp-content\/uploads\/2018\/01\/autobuses-alquiler-bilbao-5-8-768x391.jpg 768w, https:\/\/www.autocaresgarcia.com\/wp-content\/uploads\/2018\/01\/autobuses-alquiler-bilbao-5-8-1024x521.jpg 1024w, https:\/\/www.autocaresgarcia.com\/wp-content\/uploads\/2018\/01\/autobuses-alquiler-bilbao-5-8-540x275.jpg 540w\" sizes=\"(max-width: 2500px) 100vw, 2500px\" \/><\/p>\n<\/div>\n<\/div><\/div><div id=\"panel-2037-0-0-1\" class=\"so-panel widget widget_text panel-last-child\" data-index=\"1\" ><div id=\"texto-aviso\" class=\"panel-widget-style panel-widget-style-for-2037-0-0-1\" >\t\t\t<div class=\"textwidget\"><p>Les images utilis\u00e9es dans la bande de Autocares Garc\u00eda sont \u00e0 titre purement informatif et ne correspondent pas n\u00e9cessairement avec le v\u00e9hicule qui fournit le service.<\/p>\n<\/div>\n\t\t<\/div><\/div><\/div><\/div><\/div>","protected":false},"excerpt":{"rendered":"<p>Excursions d&#8217;un ou plusieurs jours. Services aux associations et groupes : retrait\u00e9s, montagne, les danses, les coraux, etc. Services de location pour des mariages licenci\u00e9es de c\u00e9libataire, c\u00e9l\u00e9brations ou tout type d&#8217;\u00e9v\u00e9nements. Fais que vos invit\u00e9s b\u00e9n\u00e9ficient d&#8217;un jour tr\u00e8s sp\u00e9cial en facilitant leur transfert, depuis le lieu de conclusion, jusqu&#8217;au restaurant ou l&#8217;h\u00f4tel. Transfer &hellip;<\/p>\n","protected":false},"author":1,"featured_media":0,"parent":0,"menu_order":3,"comment_status":"closed","ping_status":"closed","template":"","meta":{"footnotes":""},"acf":[],"aioseo_notices":[],"_links":{"self":[{"href":"https:\/\/www.autocaresgarcia.com\/fr\/wp-json\/wp\/v2\/pages\/2037\/"}],"collection":[{"href":"https:\/\/www.autocaresgarcia.com\/fr\/wp-json\/wp\/v2\/pages\/"}],"about":[{"href":"https:\/\/www.autocaresgarcia.com\/fr\/wp-json\/wp\/v2\/types\/page\/"}],"author":[{"embeddable":true,"href":"https:\/\/www.autocaresgarcia.com\/fr\/wp-json\/wp\/v2\/users\/1\/"}],"replies":[{"embeddable":true,"href":"https:\/\/www.autocaresgarcia.com\/fr\/wp-json\/wp\/v2\/comments\/?post=2037"}],"version-history":[{"count":0,"href":"https:\/\/www.autocaresgarcia.com\/fr\/wp-json\/wp\/v2\/pages\/2037\/revisions\/"}],"wp:attachment":[{"href":"https:\/\/www.autocaresgarcia.com\/fr\/wp-json\/wp\/v2\/media\/?parent=2037"}],"curies":[{"name":"wp","href":"https:\/\/api.w.org\/{rel}","templated":true}]}}