{"id":2029,"date":"2018-01-29T11:38:50","date_gmt":"2018-01-29T11:38:50","guid":{"rendered":"http:\/\/www.autocaresgarcia.com\/PRUEBAS\/?page_id=2029"},"modified":"2018-02-05T18:17:52","modified_gmt":"2018-02-05T17:17:52","slug":"services-aux-entreprises","status":"publish","type":"page","link":"https:\/\/www.autocaresgarcia.com\/fr\/services-aux-entreprises\/","title":{"rendered":"Services Aux Entreprises"},"content":{"rendered":"<div id=\"pl-2029\"  class=\"panel-layout\" ><div id=\"pg-2029-0\"  class=\"panel-grid panel-no-style\" ><div id=\"pgc-2029-0-0\"  class=\"panel-grid-cell\" ><div id=\"panel-2029-0-0-0\" class=\"so-panel widget widget_sow-editor panel-first-child\" data-index=\"0\" ><div\n\t\t\t\n\t\t\tclass=\"so-widget-sow-editor so-widget-sow-editor-base\"\n\t\t\t\n\t\t>\n<div class=\"siteorigin-widget-tinymce textwidget\">\n\t<ul>\n<li><strong>Autobus, autocars \u00e0 Bilbao (Bizcaye)<\/strong>. Service \u00e0 des entreprises, des travailleurs et des voyages d'affaires.<\/li>\n<li>Mouvements de personnel vers des usines.<\/li>\n<li>Ev\u00e9nements d'entreprises, congr\u00e8s, de foires, de conventions et de r\u00e9unions.<\/li>\n<li>R\u00e9ception dans les h\u00f4tels et les transferts \u00e0 l'a\u00e9roport, etc.<\/li>\n<li>Services r\u00e9ceptifs et circuits nationaux et internationaux.<\/li>\n<\/ul>\n<p><img loading=\"lazy\" decoding=\"async\" class=\"alignnone size-full wp-image-1629\" src=\"http:\/\/www.autocaresgarcia.com\/wp-content\/uploads\/2018\/01\/traslados-aeropuertos-autobuses-alquiler.jpg\" alt=\"Servicios a empresas, viajes y traslados en autob\u00fas\" width=\"2500\" height=\"1350\" srcset=\"https:\/\/www.autocaresgarcia.com\/wp-content\/uploads\/2018\/01\/traslados-aeropuertos-autobuses-alquiler.jpg 2500w, https:\/\/www.autocaresgarcia.com\/wp-content\/uploads\/2018\/01\/traslados-aeropuertos-autobuses-alquiler-400x216.jpg 400w, https:\/\/www.autocaresgarcia.com\/wp-content\/uploads\/2018\/01\/traslados-aeropuertos-autobuses-alquiler-768x415.jpg 768w, https:\/\/www.autocaresgarcia.com\/wp-content\/uploads\/2018\/01\/traslados-aeropuertos-autobuses-alquiler-1024x553.jpg 1024w, https:\/\/www.autocaresgarcia.com\/wp-content\/uploads\/2018\/01\/traslados-aeropuertos-autobuses-alquiler-540x292.jpg 540w\" sizes=\"(max-width: 2500px) 100vw, 2500px\" \/><\/p>\n<\/div>\n<\/div><\/div><div id=\"panel-2029-0-0-1\" class=\"so-panel widget widget_text panel-last-child\" data-index=\"1\" ><div id=\"texto-aviso\" class=\"panel-widget-style panel-widget-style-for-2029-0-0-1\" >\t\t\t<div class=\"textwidget\"><div id=\"primary\" class=\"content-area  container\">\n<div class=\"row\">\n<article id=\"post-1944\" class=\"clearfix post-1944 page type-page status-publish hentry\">\n<div class=\"hentry__content  entry-content\">\n<p>Les images utilis\u00e9es dans la bande de Autocares Garc\u00eda sont \u00e0 titre purement informatif et ne correspondent pas n\u00e9cessairement avec le v\u00e9hicule qui fournit le service.<\/p>\n<\/div>\n<\/article>\n<\/div>\n<\/div>\n<\/div>\n\t\t<\/div><\/div><\/div><\/div><\/div>","protected":false},"excerpt":{"rendered":"<p>Autobus, autocars \u00e0 Bilbao (Bizcaye). Service \u00e0 des entreprises, des travailleurs et des voyages d&#8217;affaires.Mouvements de personnel vers des usines.Ev\u00e9nements d&#8217;entreprises, congr\u00e8s, de foires, de conventions et de r\u00e9unions.R\u00e9ception dans les h\u00f4tels et les transferts \u00e0 l&#8217;a\u00e9roport, etc.Services r\u00e9ceptifs et circuits nationaux et internationaux. Les images utilis\u00e9es dans la bande de Autocares Garc\u00eda sont \u00e0 &hellip;<\/p>\n","protected":false},"author":1,"featured_media":0,"parent":0,"menu_order":2,"comment_status":"closed","ping_status":"closed","template":"","meta":{"footnotes":""},"acf":[],"aioseo_notices":[],"_links":{"self":[{"href":"https:\/\/www.autocaresgarcia.com\/fr\/wp-json\/wp\/v2\/pages\/2029\/"}],"collection":[{"href":"https:\/\/www.autocaresgarcia.com\/fr\/wp-json\/wp\/v2\/pages\/"}],"about":[{"href":"https:\/\/www.autocaresgarcia.com\/fr\/wp-json\/wp\/v2\/types\/page\/"}],"author":[{"embeddable":true,"href":"https:\/\/www.autocaresgarcia.com\/fr\/wp-json\/wp\/v2\/users\/1\/"}],"replies":[{"embeddable":true,"href":"https:\/\/www.autocaresgarcia.com\/fr\/wp-json\/wp\/v2\/comments\/?post=2029"}],"version-history":[{"count":0,"href":"https:\/\/www.autocaresgarcia.com\/fr\/wp-json\/wp\/v2\/pages\/2029\/revisions\/"}],"wp:attachment":[{"href":"https:\/\/www.autocaresgarcia.com\/fr\/wp-json\/wp\/v2\/media\/?parent=2029"}],"curies":[{"name":"wp","href":"https:\/\/api.w.org\/{rel}","templated":true}]}}