{"id":1944,"date":"2018-01-28T18:57:51","date_gmt":"2018-01-28T18:57:51","guid":{"rendered":"http:\/\/www.autocaresgarcia.com\/PRUEBAS\/?page_id=1944"},"modified":"2018-04-10T19:19:37","modified_gmt":"2018-04-10T17:19:37","slug":"avis-legal","status":"publish","type":"page","link":"https:\/\/www.autocaresgarcia.com\/fr\/avis-legal\/","title":{"rendered":"Avis L\u00e9gal"},"content":{"rendered":"<p>En accord avec les dispositions de la loi organique 15\/99 du 13 d\u00e9cembre 1999 sur la protection des donn\u00e9es \u00e0 caract\u00e8re personnel, Autocares Garc\u00eda et son site web\u00a0<a title=\"http:\/\/www.autocaresgarcia.com\/\" href=\"http:\/\/www.autocaresgarcia.com\/\">www.autocaresgarcia.com<\/a> est conforme \u00e0 la l\u00e9gislation en vigueur en ce qui concerne la protection des donn\u00e9es personnelles et de contact de ses abonn\u00e9s et les maintient dans la plus stricte confidentialit\u00e9.<\/p>\n<p>En concordance avec la l\u00e9gislation actuellement en vigueur en mati\u00e8re de protection des donn\u00e9es (LOPD), ainsi qu&#8217;en mati\u00e8re de services de la soci\u00e9t\u00e9 de l&#8217;information et de commerce \u00e9lectronique (LSSI-Ce), l&#8217;utilisateur accepte que les donn\u00e9es fournies par l&#8217;interm\u00e9diaire de cette page web soient incorpor\u00e9s aux fichiers propri\u00e9t\u00e9 d&#8217;Autocares Garc\u00eda, dans le but de faciliter la fourniture des services demand\u00e9s, ainsi que, le cas \u00e9ch\u00e9ant, la cession \u00e0 des tiers pour la stricte et exclusive de prestation de ces services.<\/p>\n<p>Gr\u00e2ce \u00e0 l&#8217;utilisation, de la part de l&#8217;utilisateur, des formulaires de contact et du courrier \u00e9lectronique fourni \u00e0 la page web\u00a0<a title=\"http:\/\/www.autocaresgarcia.com\/\" href=\"http:\/\/www.autocaresgarcia.com\/\">www.autocaresgarcia.com<\/a>, le client autorise express\u00e9ment les Autocares Garc\u00eda, \u00e0 l&#8217;envoi de communications commerciales par courrier ordinaire et\/ou \u00e9lectronique, ainsi qu&#8217;au pr\u00e9visible contact t\u00e9l\u00e9phonique afin d&#8217;offrir les services offerts.<\/p>\n<p>Autocares Garc\u00eda, garder les donn\u00e9es personnelles qu&#8217;il recueille et de prendre les mesures n\u00e9cessaires pour emp\u00eacher l&#8217;alt\u00e9ration, la perte ou l&#8217;acc\u00e8s non autoris\u00e9.<\/p>\n<p>Les images utilis\u00e9es dans la bande de Autocares Garc\u00eda sont \u00e0 titre purement informatif et ne correspondent pas n\u00e9cessairement avec le v\u00e9hicule qui fournit le service.<\/p>\n","protected":false},"excerpt":{"rendered":"<p>En accord avec les dispositions de la loi organique 15\/99 du 13 d\u00e9cembre 1999 sur la protection des donn\u00e9es \u00e0 caract\u00e8re personnel, Autocares Garc\u00eda et son site web\u00a0www.autocaresgarcia.com est conforme \u00e0 la l\u00e9gislation en vigueur en ce qui concerne la protection des donn\u00e9es personnelles et de contact de ses abonn\u00e9s et les maintient dans la &hellip;<\/p>\n","protected":false},"author":1,"featured_media":0,"parent":0,"menu_order":9,"comment_status":"closed","ping_status":"closed","template":"","meta":{"footnotes":""},"acf":[],"aioseo_notices":[],"_links":{"self":[{"href":"https:\/\/www.autocaresgarcia.com\/fr\/wp-json\/wp\/v2\/pages\/1944\/"}],"collection":[{"href":"https:\/\/www.autocaresgarcia.com\/fr\/wp-json\/wp\/v2\/pages\/"}],"about":[{"href":"https:\/\/www.autocaresgarcia.com\/fr\/wp-json\/wp\/v2\/types\/page\/"}],"author":[{"embeddable":true,"href":"https:\/\/www.autocaresgarcia.com\/fr\/wp-json\/wp\/v2\/users\/1\/"}],"replies":[{"embeddable":true,"href":"https:\/\/www.autocaresgarcia.com\/fr\/wp-json\/wp\/v2\/comments\/?post=1944"}],"version-history":[{"count":0,"href":"https:\/\/www.autocaresgarcia.com\/fr\/wp-json\/wp\/v2\/pages\/1944\/revisions\/"}],"wp:attachment":[{"href":"https:\/\/www.autocaresgarcia.com\/fr\/wp-json\/wp\/v2\/media\/?parent=1944"}],"curies":[{"name":"wp","href":"https:\/\/api.w.org\/{rel}","templated":true}]}}